{"version":"1.0","provider_name":"Klik Opuzen","provider_url":"https:\/\/klikploce.com.hr\/opuzen","author_name":"Klik Opuzen","author_url":"https:\/\/klikploce.com.hr\/opuzen\/author\/opuzen\/","title":"[FOTO] Gradska fontana u Opuzenu pu\u0161tena u probni rad - Klik Opuzen","type":"rich","width":600,"height":338,"html":"<blockquote class=\"wp-embedded-content\" data-secret=\"nXkOa2HQqR\"><a href=\"https:\/\/klikploce.com.hr\/opuzen\/gradska-fontana-u-opuzenu-pustena-u-probni-rad\/\">[FOTO] Gradska fontana u Opuzenu pu\u0161tena u probni rad<\/a><\/blockquote><iframe sandbox=\"allow-scripts\" security=\"restricted\" src=\"https:\/\/klikploce.com.hr\/opuzen\/gradska-fontana-u-opuzenu-pustena-u-probni-rad\/embed\/#?secret=nXkOa2HQqR\" width=\"600\" height=\"338\" title=\"&#8220;[FOTO] Gradska fontana u Opuzenu pu\u0161tena u probni rad&#8221; &#8212; Klik Opuzen\" data-secret=\"nXkOa2HQqR\" frameborder=\"0\" marginwidth=\"0\" marginheight=\"0\" scrolling=\"no\" class=\"wp-embedded-content\"><\/iframe><script type=\"text\/javascript\">\n\/* <![CDATA[ *\/\n\/*! This file is auto-generated *\/\n!function(d,l){\"use strict\";l.querySelector&&d.addEventListener&&\"undefined\"!=typeof URL&&(d.wp=d.wp||{},d.wp.receiveEmbedMessage||(d.wp.receiveEmbedMessage=function(e){var t=e.data;if((t||t.secret||t.message||t.value)&&!\/[^a-zA-Z0-9]\/.test(t.secret)){for(var s,r,n,a=l.querySelectorAll('iframe[data-secret=\"'+t.secret+'\"]'),o=l.querySelectorAll('blockquote[data-secret=\"'+t.secret+'\"]'),c=new RegExp(\"^https?:$\",\"i\"),i=0;i<o.length;i++)o[i].style.display=\"none\";for(i=0;i<a.length;i++)s=a[i],e.source===s.contentWindow&&(s.removeAttribute(\"style\"),\"height\"===t.message?(1e3<(r=parseInt(t.value,10))?r=1e3:~~r<200&&(r=200),s.height=r):\"link\"===t.message&&(r=new URL(s.getAttribute(\"src\")),n=new URL(t.value),c.test(n.protocol))&&n.host===r.host&&l.activeElement===s&&(d.top.location.href=t.value))}},d.addEventListener(\"message\",d.wp.receiveEmbedMessage,!1),l.addEventListener(\"DOMContentLoaded\",function(){for(var e,t,s=l.querySelectorAll(\"iframe.wp-embedded-content\"),r=0;r<s.length;r++)(t=(e=s[r]).getAttribute(\"data-secret\"))||(t=Math.random().toString(36).substring(2,12),e.src+=\"#?secret=\"+t,e.setAttribute(\"data-secret\",t)),e.contentWindow.postMessage({message:\"ready\",secret:t},\"*\")},!1)))}(window,document);\n\/\/# sourceURL=https:\/\/klikploce.com.hr\/opuzen\/wp-includes\/js\/wp-embed.min.js\n\/* ]]> *\/\n<\/script>\n","thumbnail_url":"https:\/\/klikploce.com.hr\/opuzen\/wp-content\/uploads\/2026\/03\/20260310_123910-scaled.jpg","thumbnail_width":2560,"thumbnail_height":2219,"description":"Gradska fontana u sredi\u0161tu Opuzena danas je pu\u0161tena u probni rad, \u010dime su zavr\u0161eni glavni radovi na ure\u0111enju jednog od prepoznatljivih prostora gradskog trga. Rije\u010d je o projektu kojim Grad Opuzen dodatno ure\u0111uje i uljep\u0161ava javni prostor u samom srcu grada, a zavr\u0161etkom radova gra\u0111ani \u0107e dobiti funkcionalniji i estetski ure\u0111eniji prostor za dru\u017eenje i svakodnevni boravak. Radovi su trenuta\u010dno u zavr\u0161noj fazi te obuhva\u0107aju zavr\u0161no ure\u0111enje fontane i okolnog prostora kako bi cijela lokacija dobila ure\u0111eniji i reprezentativniji izgled. Ure\u0111enje ovog prostora dio je kontinuiranih aktivnosti Grada Opuzena usmjerenih na podizanje komunalnog standarda i kvalitetnije ure\u0111enje javnih povr\u0161ina. Gradona\u010delnik [&hellip;]"}